{"id":925,"date":"2015-05-25T10:00:08","date_gmt":"2015-05-25T07:00:08","guid":{"rendered":"http:\/\/www.rsc.org.tr\/indextr\/?page_id=925"},"modified":"2015-06-02T11:46:55","modified_gmt":"2015-06-02T08:46:55","slug":"rayli-sistemler-kumelenmesi-genel-kurulu-yapildi","status":"publish","type":"page","link":"http:\/\/www.rsc.org.tr\/indextr\/index.php\/rayli-sistemler-kumelenmesi-genel-kurulu-yapildi\/","title":{"rendered":"RAYLI S\u0130STEMLER K\u00dcMELENMES\u0130 OLA\u011eAN GENEL KURULU YAPILDI"},"content":{"rendered":"<p>&nbsp;<\/p>\n<p><a href=\"http:\/\/www.rsc.org.tr\/indextr\/wp-content\/uploads\/T7A9019.jpg\"><img loading=\"lazy\" decoding=\"async\" class=\"alignleft  wp-image-927\" src=\"http:\/\/www.rsc.org.tr\/indextr\/wp-content\/uploads\/T7A9019-1024x682.jpg\" alt=\"_T7A9019\" width=\"714\" height=\"475\" \/><\/a><\/p>\n<p>Eski\u015fehir\u2019in ve b\u00f6lgenin \u00f6nemli rayl\u0131 sistemler sekt\u00f6r\u00fcndeki \u015firket, kurum ve kurulu\u015flar\u0131n\u0131n b\u00fcnyesinde yer ald\u0131\u011f\u0131 Rayl\u0131 Sistemler K\u00fcmelenmesi Derne\u011fi\u2019nin (RSC) ola\u011fan genel kurulu 20 May\u0131s 2015 \u00c7ar\u015famba g\u00fcn\u00fc Eski\u015fehir Sanayi Odas\u0131 (ESO) Meclis Salonu\u2019nda ger\u00e7ekle\u015ftirildi. Divan ba\u015fkanl\u0131\u011f\u0131n\u0131 ESO Y\u00f6netim Kurulu Ba\u015fkan\u0131 Sava\u015f M. \u00d6zaydemir\u2019in yapt\u0131\u011f\u0131 genel kurulda ge\u00e7mi\u015f d\u00f6neme ait faaliyetlerin de\u011ferlendirilmesi yan\u0131nda yeni d\u00f6nemde yap\u0131lacak \u00e7al\u0131\u015fmalar konusunda g\u00f6r\u00fc\u015fmeler yap\u0131ld\u0131 ve kararlar al\u0131nd\u0131<\/p>\n<p>&nbsp;<\/p>\n<p>Dernek Y\u00f6netim Kurulu Ba\u015fkan\u0131 M. Kenan I\u015f\u0131k genel kurulda yapt\u0131\u011f\u0131 konu\u015fmada; k\u00fcmelenmenin b\u00f6lge merkezli, teknolojiye dayal\u0131, katma de\u011ferli \u00fcr\u00fcn ve hizmet \u00fcreten rayl\u0131 sistemler sekt\u00f6r\u00fc olmay\u0131 hedeflendiklerini belirtti. I\u015f\u0131k konu\u015fmas\u0131nda sekt\u00f6rde ortak proje ve i\u015fbirliklerinin \u00f6nemine, nihai \u00fcr\u00fcn ve hizmetlere odaklanmaya i\u015faret etti. TCDD\u2019nin yeniden yap\u0131lanmas\u0131 ve milli YHT \u2013 EMU \u2013 DMU \u2013 vagon projeleri ile sekt\u00f6rdeki canlanmaya de\u011finen I\u015f\u0131k, T\u00fcrkiye ve sekt\u00f6r a\u00e7\u0131s\u0131ndan Ortado\u011fu, K\u00f6rfez \u00fclkeleri, Kuzey ve Orta Afrika, Balkanlar ve Uzakdo\u011fu gibi cazip pazarlar oldu\u011funa dikkat \u00e7ekti.<\/p>\n<p>&nbsp;<\/p>\n<p>Faaliyetlerin ve mali durumun g\u00f6r\u00fc\u015f\u00fclmesinin ard\u0131ndan yap\u0131lan se\u00e7imde yeni y\u00f6netim ve denetim kurullar\u0131 belirlendi. Y\u00f6netim Kurulu; M. Kenan I\u015f\u0131k (ba\u015fkan), Ramazan Yanar (ba\u015fkan yard\u0131mc\u0131s\u0131), Muhittin Ak (ba\u015fkan yard\u0131mc\u0131s\u0131), Zafer T\u00fcrker (ba\u015fkan yard\u0131mc\u0131s\u0131), Sinan Musubeyli (sayman), Prof. Dr. \u00d6. Mete Ko\u00e7kar, Prof. Dr. Hasan H\u00fcseyin Erkaya, \u00d6zg\u00fcr S\u00fcr\u00fcc\u00fc ve \u00d6mer B\u00f6l\u00fckba\u015f\u0131 (sekreter) \u015feklinde olu\u015ftu. Denetim Kurulu ise Adil Ceyhan, Yusuf Ziya Bak\u0131rhan ve Evren \u00c7\u0131na\u2019dan meydana geldi.<\/p>\n<p>&nbsp;<\/p>\n<p>Rayl\u0131 Sistemler K\u00fcmelenmesi Derne\u011fi yeni d\u00f6nemde de faaliyetlerini Eski\u015fehir Organize Sanayi B\u00f6lgesi, \u0130\u015f ve Ticaret Merkezi No:16\u2019daki (Tel: 236 03 34) k\u00fcme ofisinden y\u00f6netecek.<\/p>\n","protected":false},"excerpt":{"rendered":"<p>&nbsp; Eski\u015fehir\u2019in ve b\u00f6lgenin \u00f6nemli rayl\u0131 sistemler sekt\u00f6r\u00fcndeki \u015firket, kurum ve kurulu\u015flar\u0131n\u0131n b\u00fcnyesinde yer ald\u0131\u011f\u0131 Rayl\u0131 Sistemler K\u00fcmelenmesi Derne\u011fi\u2019nin (RSC) ola\u011fan genel kurulu 20 May\u0131s 2015 \u00c7ar\u015famba g\u00fcn\u00fc Eski\u015fehir Sanayi Odas\u0131 (ESO) Meclis Salonu\u2019nda ger\u00e7ekle\u015ftirildi. Divan ba\u015fkanl\u0131\u011f\u0131n\u0131 ESO Y\u00f6netim Kurulu Ba\u015fkan\u0131 Sava\u015f M. \u00d6zaydemir\u2019in yapt\u0131\u011f\u0131 genel kurulda ge\u00e7mi\u015f d\u00f6neme ait faaliyetlerin de\u011ferlendirilmesi yan\u0131nda yeni d\u00f6nemde [&hellip;]<\/p>\n","protected":false},"author":1,"featured_media":0,"parent":0,"menu_order":0,"comment_status":"closed","ping_status":"closed","template":"","meta":{"footnotes":""},"class_list":["post-925","page","type-page","status-publish","hentry"],"_links":{"self":[{"href":"http:\/\/www.rsc.org.tr\/indextr\/index.php\/wp-json\/wp\/v2\/pages\/925","targetHints":{"allow":["GET"]}}],"collection":[{"href":"http:\/\/www.rsc.org.tr\/indextr\/index.php\/wp-json\/wp\/v2\/pages"}],"about":[{"href":"http:\/\/www.rsc.org.tr\/indextr\/index.php\/wp-json\/wp\/v2\/types\/page"}],"author":[{"embeddable":true,"href":"http:\/\/www.rsc.org.tr\/indextr\/index.php\/wp-json\/wp\/v2\/users\/1"}],"replies":[{"embeddable":true,"href":"http:\/\/www.rsc.org.tr\/indextr\/index.php\/wp-json\/wp\/v2\/comments?post=925"}],"version-history":[{"count":5,"href":"http:\/\/www.rsc.org.tr\/indextr\/index.php\/wp-json\/wp\/v2\/pages\/925\/revisions"}],"predecessor-version":[{"id":972,"href":"http:\/\/www.rsc.org.tr\/indextr\/index.php\/wp-json\/wp\/v2\/pages\/925\/revisions\/972"}],"wp:attachment":[{"href":"http:\/\/www.rsc.org.tr\/indextr\/index.php\/wp-json\/wp\/v2\/media?parent=925"}],"curies":[{"name":"wp","href":"https:\/\/api.w.org\/{rel}","templated":true}]}}