{"id":908,"date":"2015-03-10T11:28:00","date_gmt":"2015-03-10T09:28:00","guid":{"rendered":"http:\/\/www.rsc.org.tr\/indextr\/?page_id=908"},"modified":"2015-03-10T15:37:14","modified_gmt":"2015-03-10T13:37:14","slug":"rsc-ofis-acilisi","status":"publish","type":"page","link":"http:\/\/www.rsc.org.tr\/indextr\/index.php\/rsc-ofis-acilisi\/","title":{"rendered":"RSK yeni ofisine kavu\u015ftu"},"content":{"rendered":"<p><strong>Rayl\u0131 Sistemler K\u00fcmelenmesi, yeni ofisine ta\u015f\u0131nd\u0131.<\/strong><\/p>\n<p>Rayl\u0131 Sistemler K\u00fcmelenmesi&#8217;nin Eski\u015fehir Havac\u0131l\u0131k K\u00fcmelenmesi ile birlikte ortak a\u00e7\u0131l\u0131\u015f\u0131n\u0131 ger\u00e7ekle\u015ftirdikleri yeni ofisleri a\u00e7\u0131ld\u0131.<\/p>\n<p>Eski\u015fehir Valisi G\u00fcng\u00f6r Azim Tuna\u2019n\u0131n ger\u00e7ekle\u015ftirdi\u011fi a\u00e7\u0131l\u0131\u015f t\u00f6reninde, Eski\u015fehir Sanayi Odas\u0131 Ba\u015fkan\u0131 Sava\u015f \u00d6zaydemir\u2019in e\u015fli\u011finde Rayl\u0131 Sistemler K\u00fcmelenmesi ile Eski\u015fehir Havac\u0131l\u0131k K\u00fcmelenmesi Y\u00f6netim Kurulu \u00fcyeleri ve BEBKA genel sekreteri Tamer De\u011firmenci haz\u0131r bulundular. A\u00e7\u0131l\u0131\u015f t\u00f6reninden \u00f6nce, BEBKA destekleri ile kurulan \u201c\u00dc\u00e7 Boyutlu Ortak \u00d6l\u00e7\u00fcm Merkezi\u201d\u2019nin ziyareti ve a\u00e7\u0131l\u0131\u015f\u0131 ger\u00e7ekle\u015ftirildi.<\/p>\n<div id=\"attachment_909\" style=\"width: 650px\" class=\"wp-caption alignleft\"><a href=\"http:\/\/www.rsc.org.tr\/indextr\/wp-content\/uploads\/20150309_114127.jpg\"><img loading=\"lazy\" decoding=\"async\" aria-describedby=\"caption-attachment-909\" class=\"size-large wp-image-909\" src=\"http:\/\/www.rsc.org.tr\/indextr\/wp-content\/uploads\/20150309_114127-1024x576.jpg\" alt=\"9 Mart 2015 \" width=\"640\" height=\"360\" srcset=\"http:\/\/www.rsc.org.tr\/indextr\/wp-content\/uploads\/20150309_114127-1024x576.jpg 1024w, http:\/\/www.rsc.org.tr\/indextr\/wp-content\/uploads\/20150309_114127-300x168.jpg 300w, http:\/\/www.rsc.org.tr\/indextr\/wp-content\/uploads\/20150309_114127-600x337.jpg 600w, http:\/\/www.rsc.org.tr\/indextr\/wp-content\/uploads\/20150309_114127-1140x641.jpg 1140w, http:\/\/www.rsc.org.tr\/indextr\/wp-content\/uploads\/20150309_114127.jpg 2048w\" sizes=\"auto, (max-width: 640px) 100vw, 640px\" \/><\/a><p id=\"caption-attachment-909\" class=\"wp-caption-text\">9 Mart 2015<\/p><\/div>\n<p>&nbsp;<\/p>\n<p>Eski\u015fehir Havac\u0131l\u0131k K\u00fcmelenmesi Y\u00f6netim Kurulu Ba\u015fkan\u0131 TEI Genel M\u00fcd\u00fcr\u00fc Mahmut Faruk Ak\u015fit ve Rayl\u0131 Sistemler K\u00fcmelenmesi ve Savronik Y\u00f6netim Kurulu Ba\u015fkan\u0131 Kenan I\u015f\u0131k, Eski\u015fehir Valisi\u2019ne sunduklar\u0131 K\u00fcmelerle ilgili k\u0131sa tan\u0131t\u0131mlar\u0131ndan sonra, Vali G\u00fcng\u00f6r Azim Tuna K\u00fcmelerle ilgili de\u011ferlendirmelerde bulundu. ESO Ba\u015fkan\u0131 Sava\u015f \u00d6zaydemir, k\u00fcmeleri kurarlarken \u201cG\u00fc\u00e7 birli\u011fi, i\u015fbirli\u011fi; rekabetten do\u011fan i\u015f birli\u011fi\u201d d\u00fc\u015f\u00fcnceleriyle yola \u00e7\u0131k\u0131ld\u0131\u011f\u0131n\u0131 belirtti.<\/p>\n<div id=\"attachment_911\" style=\"width: 650px\" class=\"wp-caption alignleft\"><a href=\"http:\/\/www.rsc.org.tr\/indextr\/wp-content\/uploads\/20150309_115228.jpg\"><img loading=\"lazy\" decoding=\"async\" aria-describedby=\"caption-attachment-911\" class=\"size-large wp-image-911\" src=\"http:\/\/www.rsc.org.tr\/indextr\/wp-content\/uploads\/20150309_115228-1024x576.jpg\" alt=\"9 Mart 2015\" width=\"640\" height=\"360\" srcset=\"http:\/\/www.rsc.org.tr\/indextr\/wp-content\/uploads\/20150309_115228-1024x576.jpg 1024w, http:\/\/www.rsc.org.tr\/indextr\/wp-content\/uploads\/20150309_115228-300x168.jpg 300w, http:\/\/www.rsc.org.tr\/indextr\/wp-content\/uploads\/20150309_115228-600x337.jpg 600w, http:\/\/www.rsc.org.tr\/indextr\/wp-content\/uploads\/20150309_115228-1140x641.jpg 1140w, http:\/\/www.rsc.org.tr\/indextr\/wp-content\/uploads\/20150309_115228.jpg 2048w\" sizes=\"auto, (max-width: 640px) 100vw, 640px\" \/><\/a><p id=\"caption-attachment-911\" class=\"wp-caption-text\">9 Mart 2015<\/p><\/div>\n<p>&nbsp;<\/p>\n","protected":false},"excerpt":{"rendered":"<p>Rayl\u0131 Sistemler K\u00fcmelenmesi, yeni ofisine ta\u015f\u0131nd\u0131. Rayl\u0131 Sistemler K\u00fcmelenmesi&#8217;nin Eski\u015fehir Havac\u0131l\u0131k K\u00fcmelenmesi ile birlikte ortak a\u00e7\u0131l\u0131\u015f\u0131n\u0131 ger\u00e7ekle\u015ftirdikleri yeni ofisleri a\u00e7\u0131ld\u0131. Eski\u015fehir Valisi G\u00fcng\u00f6r Azim Tuna\u2019n\u0131n ger\u00e7ekle\u015ftirdi\u011fi a\u00e7\u0131l\u0131\u015f t\u00f6reninde, Eski\u015fehir Sanayi Odas\u0131 Ba\u015fkan\u0131 Sava\u015f \u00d6zaydemir\u2019in e\u015fli\u011finde Rayl\u0131 Sistemler K\u00fcmelenmesi ile Eski\u015fehir Havac\u0131l\u0131k K\u00fcmelenmesi Y\u00f6netim Kurulu \u00fcyeleri ve BEBKA genel sekreteri Tamer De\u011firmenci haz\u0131r bulundular. A\u00e7\u0131l\u0131\u015f t\u00f6reninden [&hellip;]<\/p>\n","protected":false},"author":1,"featured_media":0,"parent":0,"menu_order":0,"comment_status":"closed","ping_status":"closed","template":"","meta":{"footnotes":""},"class_list":["post-908","page","type-page","status-publish","hentry"],"_links":{"self":[{"href":"http:\/\/www.rsc.org.tr\/indextr\/index.php\/wp-json\/wp\/v2\/pages\/908","targetHints":{"allow":["GET"]}}],"collection":[{"href":"http:\/\/www.rsc.org.tr\/indextr\/index.php\/wp-json\/wp\/v2\/pages"}],"about":[{"href":"http:\/\/www.rsc.org.tr\/indextr\/index.php\/wp-json\/wp\/v2\/types\/page"}],"author":[{"embeddable":true,"href":"http:\/\/www.rsc.org.tr\/indextr\/index.php\/wp-json\/wp\/v2\/users\/1"}],"replies":[{"embeddable":true,"href":"http:\/\/www.rsc.org.tr\/indextr\/index.php\/wp-json\/wp\/v2\/comments?post=908"}],"version-history":[{"count":6,"href":"http:\/\/www.rsc.org.tr\/indextr\/index.php\/wp-json\/wp\/v2\/pages\/908\/revisions"}],"predecessor-version":[{"id":920,"href":"http:\/\/www.rsc.org.tr\/indextr\/index.php\/wp-json\/wp\/v2\/pages\/908\/revisions\/920"}],"wp:attachment":[{"href":"http:\/\/www.rsc.org.tr\/indextr\/index.php\/wp-json\/wp\/v2\/media?parent=908"}],"curies":[{"name":"wp","href":"https:\/\/api.w.org\/{rel}","templated":true}]}}